{"id":5734,"date":"2023-03-25T17:32:12","date_gmt":"2023-03-25T17:32:12","guid":{"rendered":"https:\/\/ladenkfabrik-dev.eu\/?page_id=5734"},"modified":"2024-09-28T19:49:43","modified_gmt":"2024-09-28T19:49:43","slug":"protection-des-donnes","status":"publish","type":"page","link":"https:\/\/ladenkfabrik.eu\/de\/protection-des-donnes\/","title":{"rendered":"Protection des donn\u00e9s"},"content":{"rendered":"<div data-elementor-type=\"wp-page\" data-elementor-id=\"5734\" class=\"elementor elementor-5734\" data-elementor-post-type=\"page\">\n\t\t\t\t\t\t<section class=\"elementor-section elementor-top-section elementor-element elementor-element-25a657c elementor-section-boxed elementor-section-height-default elementor-section-height-default\" data-id=\"25a657c\" data-element_type=\"section\" data-e-type=\"section\">\n\t\t\t\t\t\t<div class=\"elementor-container elementor-column-gap-default\">\n\t\t\t\t\t<div class=\"elementor-column elementor-col-100 elementor-top-column elementor-element elementor-element-8c1f839\" data-id=\"8c1f839\" data-element_type=\"column\" data-e-type=\"column\">\n\t\t\t<div class=\"elementor-widget-wrap elementor-element-populated\">\n\t\t\t\t\t\t<div class=\"elementor-element elementor-element-c69a08d elementor-widget elementor-widget-heading\" data-id=\"c69a08d\" data-element_type=\"widget\" data-e-type=\"widget\" data-widget_type=\"heading.default\">\n\t\t\t\t<div class=\"elementor-widget-container\">\n\t\t\t\t\t<h2 class=\"elementor-heading-title elementor-size-default\">Datenschutzerkl\u00e4rung<\/h2>\t\t\t\t<\/div>\n\t\t\t\t<\/div>\n\t\t\t\t<div class=\"elementor-element elementor-element-a8378dc elementor-widget elementor-widget-text-editor\" data-id=\"a8378dc\" data-element_type=\"widget\" data-e-type=\"widget\" data-widget_type=\"text-editor.default\">\n\t\t\t\t<div class=\"elementor-widget-container\">\n\t\t\t\t\t\t\t\t\t<p><span style=\"font-weight: 400;\">Inhaltsverzeichnis<\/span><\/p><p>1. <span style=\"font-weight: 400;\">Datenschutz auf einen Blick<\/span><br \/>2. <span style=\"font-weight: 400;\">Hosting<\/span><br \/>3. <span style=\"font-weight: 400;\">Allgemeine Hinweise und Pflichtinformationen<\/span><br \/>4. <span style=\"font-weight: 400;\">Datenerfassung auf dieser Website<br \/><\/span>5. <span style=\"font-weight: 400;\">Anfrage per E-Mail oder Telefon<br \/>6. Datenschutz bei Online-Veranstaltungen<\/span><\/p><p><b>1. Datenschutz auf einen Blick<\/b><\/p><p><b>Allgemeine Hinweise<\/b><\/p><p><span style=\"font-weight: 400;\">Die folgenden Hinweise geben einen einfachen \u00dcberblick dar\u00fcber, was mit Ihren personenbezogenen Daten passiert, wenn Sie diese Website besuchen. Personenbezogene Daten sind alle Daten, mit denen Sie pers\u00f6nlich identifiziert werden k\u00f6nnen. Ausf\u00fchrliche Informationen zum Thema Datenschutz entnehmen Sie unserer unter diesem Text aufgef\u00fchrten Datenschutzerkl\u00e4rung.<\/span><\/p><p><b>Datenerfassung auf dieser Website<\/b><\/p><p><b>Wer ist verantwortlich f\u00fcr die Datenerfassung auf dieser Website?<\/b><\/p><p><span style=\"font-weight: 400;\">Die Datenverarbeitung auf dieser Website erfolgt durch den Websitebetreiber. Dessen Kontaktdaten k\u00f6nnen Sie dem Abschnitt \u201eHinweis zur Verantwortlichen Stelle\u201c in dieser Datenschutzerkl\u00e4rung entnehmen.<\/span><\/p><p><b>Wie erfassen wir Ihre Daten?<\/b><\/p><p><span style=\"font-weight: 400;\">Ihre Daten werden zum einen dadurch erhoben, dass Sie uns diese mitteilen. Hierbei kann es sich z. B. um Daten handeln, die Sie in ein Kontaktformular eingeben.<\/span><\/p><p><span style=\"font-weight: 400;\">Andere Daten werden automatisch oder nach Ihrer Einwilligung beim Besuch der Website durch unsere IT-Systeme erfasst. Das sind vor allem technische Daten (z. B. Internet-Browser, Betriebssystem oder Uhrzeit der Seitenaufrufe). Die Erfassung dieser Daten erfolgt automatisch, sobald Sie diese Website betreten.<\/span><\/p><p><b>Wof\u00fcr nutzen wir Ihre Daten?<\/b><\/p><p><span style=\"font-weight: 400;\">Die Daten werden erhoben, um eine fehlerfreie Bereitstellung der Website zu gew\u00e4hrleisten bzw. um mit Ihnen in Kontakt zu treten, sollten Sie dieses w\u00fcnschen.<\/span><\/p><p><b>Welche Rechte haben Sie bez\u00fcglich Ihrer Daten?<\/b><\/p><p><span style=\"font-weight: 400;\">Sie haben jederzeit das Recht, unentgeltlich Auskunft \u00fcber Herkunft, Empf\u00e4nger und Zweck Ihrer gespeicherten personenbezogenen Daten zu erhalten. Sie haben au\u00dferdem ein Recht, die Berichtigung oder L\u00f6schung dieser Daten zu verlangen. Wenn Sie eine Einwilligung zur Datenverarbeitung erteilt haben, k\u00f6nnen Sie diese Einwilligung jederzeit f\u00fcr die Zukunft widerrufen. Au\u00dferdem haben Sie das Recht, unter bestimmten Umst\u00e4nden die Einschr\u00e4nkung der Verarbeitung Ihrer personenbezogenen Daten zu verlangen. Des Weiteren steht Ihnen ein Beschwerderecht bei der zust\u00e4ndigen Aufsichtsbeh\u00f6rde zu.<\/span><\/p><p><span style=\"font-weight: 400;\">Hierzu sowie zu weiteren Fragen zum Thema Datenschutz k\u00f6nnen Sie sich jederzeit an uns wenden.<\/span><\/p><p><b>2. Hosting<\/b><\/p><p><b>Strato<\/b><\/p><p><span style=\"font-weight: 400;\">Wir hosten unsere Website bei Strato. Anbieter ist die Strato AG, Pascalstra\u00dfe 10, 10587 Berlin (nachfolgend: \u201eStrato\u201c). Wenn Sie unsere Website besuchen, erfasst Strato verschiedene Logfiles inklusive Ihrer IP-Adressen.<\/span><\/p><p><span style=\"font-weight: 400;\">Weitere Informationen entnehmen Sie der Datenschutzerkl\u00e4rung von Strato:<\/span><a href=\"https:\/\/www.strato.de\/datenschutz\/\"> <span style=\"font-weight: 400;\">https:\/\/www.strato.de\/datenschutz\/<\/span><\/a><span style=\"font-weight: 400;\">.<\/span><\/p><p><span style=\"font-weight: 400;\">Die Verwendung von Strato erfolgt auf Grundlage von Art. 6 Abs. 1 lit. f DSGVO. Wir haben ein berechtigtes Interesse an einer m\u00f6glichst zuverl\u00e4ssigen Darstellung unserer Website. Sofern eine entsprechende Einwilligung abgefragt wurde, erfolgt die Verarbeitung ausschlie\u00dflich auf Grundlage von Art. 6 Abs. 1 lit. a DSGVO und \u00a7 25 Abs. 1 TTDSG, soweit die Einwilligung die Speicherung von Cookies oder den Zugriff auf Informationen im Endger\u00e4t des Nutzers (z. B. Device-Fingerprinting) im Sinne des TTDSG umfasst. Die Einwilligung ist jederzeit widerrufbar.<\/span><\/p><p><b>Auftragsverarbeitung<\/b><\/p><p><span style=\"font-weight: 400;\">Wir haben einen Vertrag \u00fcber Auftragsverarbeitung (AVV) mit dem oben genannten Anbieter geschlossen. Hierbei handelt es sich um einen datenschutzrechtlich vorgeschriebenen Vertrag, der gew\u00e4hrleistet, dass dieser die personenbezogenen Daten unserer Websitebesucher nur nach unseren Weisungen und unter Einhaltung der DSGVO verarbeitet.<\/span><\/p><p><strong>3. <b>Allgemeine Hinweise und Pflichtinformationen<\/b><\/strong><\/p><p><b>Datenschutzerkl\u00e4rung<\/b><\/p><p><span style=\"font-weight: 400;\">Die Betreiber dieser Seiten nehmen den Schutz Ihrer pers\u00f6nlichen Daten sehr ernst. Wir behandeln Ihre personenbezogenen Daten vertraulich und entsprechend den gesetzlichen Datenschutzvorschriften sowie dieser Datenschutzerkl\u00e4rung.<\/span><\/p><p><span style=\"font-weight: 400;\">Wenn Sie diese Website benutzen, werden verschiedene personenbezogene Daten erhoben. Personenbezogene Daten sind Daten, mit denen Sie pers\u00f6nlich identifiziert werden k\u00f6nnen. Die vorliegende Datenschutzerkl\u00e4rung erl\u00e4utert, welche Daten wir erheben und wof\u00fcr wir sie nutzen. Sie erl\u00e4utert auch, wie und zu welchem Zweck das geschieht.<\/span><\/p><p><span style=\"font-weight: 400;\">Wir weisen darauf hin, dass die Daten\u00fcbertragung im Internet (z. B. bei der Kommunikation per E-Mail) Sicherheitsl\u00fccken aufweisen kann. Ein l\u00fcckenloser Schutz der Daten vor dem Zugriff durch Dritte ist nicht m\u00f6glich.<\/span><\/p><p><b>Hinweis zur verantwortlichen Stelle<\/b><\/p><p><span style=\"font-weight: 400;\">Die verantwortliche Stelle f\u00fcr die Datenverarbeitung auf dieser Website ist:<\/span><\/p><p><b>La DenkFabrik, e.V.<\/b><b><br \/><\/b><b>Linienstr. 225a<\/b><b><br \/><\/b><b>10178 Berlin<\/b><\/p><p><b>E-Mail: legal@ladenkfabrik.eu<\/b><b><br \/><\/b><b>Telefon: +49 162 518 20 36<\/b><\/p><p><span style=\"font-weight: 400;\">Verantwortliche Stelle ist die nat\u00fcrliche oder juristische Person, die allein oder gemeinsam mit anderen \u00fcber die Zwecke und Mittel der Verarbeitung von personenbezogenen Daten (z. B. Namen, E-Mail-Adressen o. \u00c4.) entscheidet.<\/span><\/p><p><b>Speicherdauer<\/b><\/p><p><span style=\"font-weight: 400;\">Soweit innerhalb dieser Datenschutzerkl\u00e4rung keine speziellere Speicherdauer genannt wurde, verbleiben Ihre personenbezogenen Daten bei uns, bis der Zweck f\u00fcr die Datenverarbeitung entf\u00e4llt. Wenn Sie ein berechtigtes L\u00f6schersuchen geltend machen oder eine Einwilligung zur Datenverarbeitung widerrufen, werden Ihre Daten gel\u00f6scht, sofern wir keine anderen rechtlich zul\u00e4ssigen Gr\u00fcnde f\u00fcr die Speicherung Ihrer personenbezogenen Daten haben (z. B. steuer- oder handelsrechtliche Aufbewahrungsfristen); im letztgenannten Fall erfolgt die L\u00f6schung nach Fortfall dieser Gr\u00fcnde.<\/span><\/p><p><b>Allgemeine Hinweise zu den Rechtsgrundlagen der Datenverarbeitung auf dieser Website<\/b><\/p><p><span style=\"font-weight: 400;\">Sofern Sie in die Datenverarbeitung eingewilligt haben, verarbeiten wir Ihre personenbezogenen Daten auf Grundlage von Art. 6 Abs. 1 lit. a DSGVO bzw. Art. 9 Abs. 2 lit. a DSGVO, sofern besondere Datenkategorien nach Art. 9 Abs. 1 DSGVO verarbeitet werden. Sofern Sie in die Speicherung von Cookies oder in den Zugriff auf Informationen in Ihr Endger\u00e4t (z. B. via Device-Fingerprinting) eingewilligt haben, erfolgt die Datenverarbeitung zus\u00e4tzlich auf Grundlage von \u00a7 25 Abs. 1 TTDSG. Die Einwilligung ist jederzeit widerrufbar. Sind Ihre Daten zur Vertragserf\u00fcllung oder zur Durchf\u00fchrung vorvertraglicher Ma\u00dfnahmen erforderlich, verarbeiten wir Ihre Daten auf Grundlage des Art. 6 Abs. 1 lit. b DSGVO. Des Weiteren verarbeiten wir Ihre Daten, sofern diese zur Erf\u00fcllung einer rechtlichen Verpflichtung erforderlich sind auf Grundlage von Art. 6 Abs. 1 lit. c DSGVO. Die Datenverarbeitung kann ferner auf Grundlage unseres berechtigten Interesses nach Art. 6 Abs. 1 lit. f DSGVO erfolgen. \u00dcber die jeweils im Einzelfall einschl\u00e4gigen Rechtsgrundlagen wird in den folgenden Abs\u00e4tzen dieser Datenschutzerkl\u00e4rung informiert.<\/span><\/p><p><b>Widerruf Ihrer Einwilligung zur Datenverarbeitung<\/b><\/p><p><span style=\"font-weight: 400;\">Viele Datenverarbeitungsvorg\u00e4nge sind nur mit Ihrer ausdr\u00fccklichen Einwilligung m\u00f6glich. Sie k\u00f6nnen eine bereits erteilte Einwilligung jederzeit widerrufen. Die Rechtm\u00e4\u00dfigkeit der bis zum Widerruf erfolgten Datenverarbeitung bleibt vom Widerruf unber\u00fchrt.<\/span><\/p><p><b>Beschwerderecht bei der zust\u00e4ndigen Aufsichtsbeh\u00f6rde<\/b><\/p><p><span style=\"font-weight: 400;\">Im Falle von Verst\u00f6\u00dfen gegen die DSGVO steht den Betroffenen ein Beschwerderecht bei einer Aufsichtsbeh\u00f6rde, insbesondere in dem Mitgliedstaat ihres gew\u00f6hnlichen Aufenthalts, ihres Arbeitsplatzes oder des Orts des mutma\u00dflichen Versto\u00dfes zu. Das Beschwerderecht besteht unbeschadet anderweitiger verwaltungsrechtlicher oder gerichtlicher Rechtsbehelfe.<\/span><\/p><p><b>Recht auf Daten\u00fcbertragbarkeit<\/b><\/p><p><span style=\"font-weight: 400;\">Sie haben das Recht, Daten, die wir auf Grundlage Ihrer Einwilligung oder in Erf\u00fcllung eines Vertrags automatisiert verarbeiten, an sich oder an einen Dritten in einem g\u00e4ngigen, maschinenlesbaren Format aush\u00e4ndigen zu lassen. Sofern Sie die direkte \u00dcbertragung der Daten an einen anderen Verantwortlichen verlangen, erfolgt dies nur, soweit es technisch machbar ist.<\/span><\/p><p><b>SSL- bzw. TLS-Verschl\u00fcsselung<\/b><\/p><p><span style=\"font-weight: 400;\">Diese Seite nutzt aus Sicherheitsgr\u00fcnden und zum Schutz der \u00dcbertragung vertraulicher Inhalte, wie zum Beispiel Bestellungen oder Anfragen, die Sie an uns als Seitenbetreiber senden, eine SSL- bzw. TLS-Verschl\u00fcsselung. Eine verschl\u00fcsselte Verbindung erkennen Sie daran, dass die Adresszeile des Browsers von \u201ehttp:\/\/\u201c auf \u201ehttps:\/\/\u201c wechselt und an dem Schloss-Symbol in Ihrer Browserzeile.<\/span><\/p><p><span style=\"font-weight: 400;\">Wenn die SSL- bzw. TLS-Verschl\u00fcsselung aktiviert ist, k\u00f6nnen die Daten, die Sie an uns \u00fcbermitteln, nicht von Dritten mitgelesen werden.<\/span><\/p><p><b>Auskunft, L\u00f6schung und Berichtigung<\/b><\/p><p><span style=\"font-weight: 400;\">Sie haben im Rahmen der geltenden gesetzlichen Bestimmungen jederzeit das Recht auf unentgeltliche Auskunft \u00fcber Ihre gespeicherten personenbezogenen Daten, deren Herkunft und Empf\u00e4nger und den Zweck der Datenverarbeitung und ggf. ein Recht auf Berichtigung oder L\u00f6schung dieser Daten. Hierzu sowie zu weiteren Fragen zum Thema personenbezogene Daten k\u00f6nnen Sie sich jederzeit an uns wenden.<\/span><\/p><p><b>Recht auf Einschr\u00e4nkung der Verarbeitung<\/b><\/p><p><span style=\"font-weight: 400;\">Sie haben das Recht, die Einschr\u00e4nkung der Verarbeitung Ihrer personenbezogenen Daten zu verlangen. Hierzu k\u00f6nnen Sie sich jederzeit an uns wenden. Das Recht auf Einschr\u00e4nkung der Verarbeitung besteht in folgenden F\u00e4llen:<\/span><\/p><p>\u2013 <span style=\"font-weight: 400;\">Wenn Sie die Richtigkeit Ihrer bei uns gespeicherten personenbezogenen Daten bestreiten, ben\u00f6tigen wir in der Regel Zeit, um dies zu \u00fcberpr\u00fcfen. F\u00fcr die Dauer der Pr\u00fcfung haben Sie das Recht, die Einschr\u00e4nkung der Verarbeitung Ihrer personenbezogenen Daten zu verlangen.<\/span><\/p><p>\u2013 <span style=\"font-weight: 400;\">Wenn die Verarbeitung Ihrer personenbezogenen Daten unrechtm\u00e4\u00dfig geschieht, k\u00f6nnen Sie statt der L\u00f6schung die Einschr\u00e4nkung der Datenverarbeitung verlangen.<\/span><\/p><p>\u2013 <span style=\"font-weight: 400;\">Wenn wir Ihre personenbezogenen Daten nicht mehr ben\u00f6tigen, Sie sie jedoch zur Aus\u00fcbung, Verteidigung oder Geltendmachung von Rechtsanspr\u00fcchen ben\u00f6tigen, haben Sie das Recht, statt der L\u00f6schung die Einschr\u00e4nkung der Verarbeitung Ihrer personenbezogenen Daten zu verlangen.<\/span><\/p><p>\u2013 <span style=\"font-weight: 400;\">Wenn Sie einen Widerspruch nach Art. 21 Abs. 1 DSGVO eingelegt haben, muss eine Abw\u00e4gung zwischen Ihren und unseren Interessen vorgenommen werden. Solange noch nicht feststeht, wessen Interessen \u00fcberwiegen, haben Sie das Recht, die Einschr\u00e4nkung der Verarbeitung Ihrer personenbezogenen Daten zu verlangen.<\/span><\/p><p><span style=\"font-weight: 400;\">Wenn Sie die Verarbeitung Ihrer personenbezogenen Daten eingeschr\u00e4nkt haben, d\u00fcrfen diese Daten \u2013 von ihrer Speicherung abgesehen \u2013 nur mit Ihrer Einwilligung oder zur Geltendmachung, Aus\u00fcbung oder Verteidigung von Rechtsanspr\u00fcchen oder zum Schutz der Rechte einer anderen nat\u00fcrlichen oder juristischen Person oder aus Gr\u00fcnden eines wichtigen \u00f6ffentlichen Interesses der Europ\u00e4ischen Union oder eines Mitgliedstaats verarbeitet werden.<\/span><\/p><p><strong>4. <b>Datenerfassung auf dieser Website<\/b><\/strong><\/p><p><strong>Cookies<\/strong><\/p><p><span style=\"font-weight: 400;\">Unsere Internetseiten verwenden sogenannte \u201eCookies\u201c. Cookies sind kleine Textdateien und richten auf Ihrem Endger\u00e4t keinen Schaden an. Sie werden entweder vor\u00fcbergehend f\u00fcr die Dauer einer Sitzung (Session-Cookies) oder dauerhaft (permanente Cookies) auf Ihrem Endger\u00e4t gespeichert. Session-Cookies werden nach Ende Ihres Besuchs automatisch gel\u00f6scht. Permanente Cookies bleiben auf Ihrem Endger\u00e4t gespeichert, bis Sie diese selbst l\u00f6schen oder eine automatische L\u00f6schung durch Ihren Webbrowser erfolgt.<\/span><\/p><p><span style=\"font-weight: 400;\">Wir verwenden auf unserer Seite ausschlie\u00dflich technisch notwendige Cookies, das hei\u00dft, Cookies, die zur Durchf\u00fchrung des elektronischen Kommunikationsvorgangs, zur Bereitstellung bestimmter, von Ihnen erw\u00fcnschter Funktionen oder zur Optimierung der Website (z. B. Cookies zur Messung des Webpublikums) erforderlich sind (notwendige Cookies). Diese werden auf Grundlage von Art. 6 Abs. 1 lit. f DSGVO gespeichert, sofern keine andere Rechtsgrundlage angegeben wird. Wir haben ein berechtigtes Interesse an der Speicherung von notwendigen Cookies zur technisch fehlerfreien und optimierten Bereitstellung unserer Dienste. Sofern eine Einwilligung zur Speicherung von Cookies und vergleichbaren Wiedererkennungstechnologien abgefragt wurde, erfolgt die Verarbeitung ausschlie\u00dflich auf Grundlage dieser Einwilligung (Art. 6 Abs. 1 lit. a DSGVO und \u00a7 25 Abs. 1 TTDSG); die Einwilligung ist jederzeit widerrufbar.<\/span><\/p><p><span style=\"font-weight: 400;\">Sie k\u00f6nnen Ihren Browser so einstellen, dass Sie \u00fcber das Setzen von Cookies informiert werden und Cookies nur im Einzelfall erlauben, die Annahme von Cookies f\u00fcr bestimmte F\u00e4lle oder generell ausschlie\u00dfen sowie das automatische L\u00f6schen der Cookies beim Schlie\u00dfen des Browsers aktivieren. Bei der Deaktivierung von Cookies kann die Funktionalit\u00e4t dieser Website eingeschr\u00e4nkt sein.<\/span><\/p><p><span style=\"font-weight: 400;\">Soweit Cookies von Drittunternehmen oder zu Analysezwecken eingesetzt werden, werden wir Sie hier\u00fcber im Rahmen dieser Datenschutzerkl\u00e4rung gesondert informieren und ggf. eine Einwilligung abfragen.<\/span><\/p><p><b>Server-Log-Dateien<\/b><\/p><p><span style=\"font-weight: 400;\">Der Provider der Seiten erhebt und speichert automatisch Informationen in so genannten Server-Log-Dateien, die Ihr Browser automatisch an uns \u00fcbermittelt. Dies sind:<\/span><\/p><p>\u2013 <span style=\"font-weight: 400;\">Browsertyp und Browserversion<\/span><br \/>\u2013 <span style=\"font-weight: 400;\">verwendetes Betriebssystem<\/span><br \/>\u2013 <span style=\"font-weight: 400;\">Referrer URL<\/span><br \/>\u2013 <span style=\"font-weight: 400;\">Hostname des zugreifenden Rechners<\/span><br \/>\u2013 <span style=\"font-weight: 400;\">Uhrzeit der Serveranfrage<\/span><br \/>\u2013 <span style=\"font-weight: 400;\">IP-Adresse<\/span><\/p><p><span style=\"font-weight: 400;\">Eine Zusammenf\u00fchrung dieser Daten mit anderen Datenquellen wird nicht vorgenommen.<\/span><\/p><p><span style=\"font-weight: 400;\">Die Erfassung dieser Daten erfolgt auf Grundlage von Art. 6 Abs. 1 lit. f DSGVO. Der Websitebetreiber hat ein berechtigtes Interesse an der technisch fehlerfreien Darstellung und der Optimierung seiner Website \u2013 hierzu m\u00fcssen die Server-Log-Files erfasst werden.<\/span><\/p><p><b>Kontaktformular<\/b><\/p><p><span style=\"font-weight: 400;\">Wenn Sie uns per Kontaktformular Anfragen zukommen lassen, werden Ihre Angaben aus dem Anfrageformular inklusive der von Ihnen dort angegebenen Kontaktdaten zwecks Bearbeitung der Anfrage und f\u00fcr den Fall von Anschlussfragen bei uns gespeichert. Diese Daten geben wir nicht ohne Ihre Einwilligung weiter.<\/span><\/p><p><span style=\"font-weight: 400;\">Die Verarbeitung dieser Daten erfolgt auf Grundlage von Art. 6 Abs. 1 lit. b DSGVO, sofern Ihre Anfrage mit der Erf\u00fcllung eines Vertrags zusammenh\u00e4ngt oder zur Durchf\u00fchrung vorvertraglicher Ma\u00dfnahmen erforderlich ist. In allen \u00fcbrigen F\u00e4llen beruht die Verarbeitung auf unserem berechtigten Interesse an der effektiven Bearbeitung der an uns gerichteten Anfragen (Art. 6 Abs. 1 lit. f DSGVO) oder auf Ihrer Einwilligung (Art. 6 Abs. 1 lit. a DSGVO) sofern diese abgefragt wurde.<\/span><\/p><p><span style=\"font-weight: 400;\">Die von Ihnen im Kontaktformular eingegebenen Daten verbleiben bei uns, bis Sie uns zur L\u00f6schung auffordern, Ihre Einwilligung zur Speicherung widerrufen oder der Zweck f\u00fcr die Datenspeicherung entf\u00e4llt (z. B. nach abgeschlossener Bearbeitung Ihrer Anfrage). Zwingende gesetzliche Bestimmungen \u2013 insbesondere Aufbewahrungsfristen \u2013 bleiben unber\u00fchrt.<\/span><\/p><p><b>5. Anfrage per E-Mail oder Telefon<\/b><\/p><p><span style=\"font-weight: 400;\">Wenn Sie uns per E-Mail oder Telefon kontaktieren, wird Ihre Anfrage inklusive aller daraus hervorgehenden personenbezogenen Daten (Name, Anfrage) zum Zwecke der Bearbeitung Ihres Anliegens bei uns gespeichert und verarbeitet. Diese Daten geben wir nicht ohne Ihre Einwilligung weiter.<\/span><\/p><p><span style=\"font-weight: 400;\">Die Verarbeitung dieser Daten erfolgt auf Grundlage von Art. 6 Abs. 1 lit. b DSGVO, sofern Ihre Anfrage mit der Erf\u00fcllung eines Vertrags zusammenh\u00e4ngt oder zur Durchf\u00fchrung vorvertraglicher Ma\u00dfnahmen erforderlich ist. In allen \u00fcbrigen F\u00e4llen beruht die Verarbeitung auf unserem berechtigten Interesse an der effektiven Bearbeitung der an uns gerichteten Anfragen (Art. 6 Abs. 1 lit. f DSGVO) oder auf Ihrer Einwilligung (Art. 6 Abs. 1 lit. a DSGVO) sofern diese abgefragt wurde.<\/span><\/p><p><span style=\"font-weight: 400;\">Die von Ihnen an uns per Kontaktanfragen \u00fcbersandten Daten verbleiben bei uns, bis Sie uns zur L\u00f6schung auffordern, Ihre Einwilligung zur Speicherung widerrufen oder der Zweck f\u00fcr die Datenspeicherung entf\u00e4llt (z. B. nach abgeschlossener Bearbeitung Ihres Anliegens). Zwingende gesetzliche Bestimmungen \u2013 insbesondere gesetzliche Aufbewahrungsfristen \u2013 bleiben unber\u00fchrt.<\/span><\/p><p><span style=\"font-weight: 400;\">F\u00fcr die Bearbeitung von E-Mails verwenden wir Google Workspace. Die Software wird von Alphabet Inc. angeboten, einem Unternehmen mit Sitz in den USA.\u00a0<\/span><\/p><p><span style=\"font-weight: 400;\">Ihre personenbezogenen Daten k\u00f6nnten bei Kontaktaufnahme in die USA \u00fcbertragen und dort verarbeitet werden. Wir weisen darauf hin, dass in Staaten au\u00dferhalb der EU, kein der EU Normen entsprechendes Datenschutzniveau besteht und dass solch ein Standard nicht durch uns gew\u00e4hrleistet werden kann. Wir k\u00f6nnen zudem nicht garantieren, dass Ihnen gegen die Verarbeitung in einem Drittstaat ein Rechtsweg offen steht, \u00fcber welchen Sie Anspr\u00fcche gegen\u00fcber dem Dienstleister geltend machen k\u00f6nnen.\u00a0<\/span><\/p><p><span style=\"font-weight: 400;\">Beispielsweise sind US-Unternehmen dazu verpflichtet, personenbezogene Daten an Sicherheitsbeh\u00f6rden herauszugeben, ohne dass Sie hiergegen gerichtlich einen Anspruch geltend machen k\u00f6nnen. Somit kann auch nicht ausgeschlossen werden, dass US-Beh\u00f6rden (z. B. Nachrichtendienste) Ihre auf US-Servern befindlichen Daten zu \u00dcberwachungszwecken verarbeiten, auswerten und dauerhaft speichern. Wir haben auf diese Verarbeitungst\u00e4tigkeiten keinen Einfluss.<\/span><\/p><p><b>6. Datenschutz bei Online-Veranstaltungen<\/b><\/p><p><b>Anmeldeformular<\/b><\/p><p><span style=\"font-weight: 400;\">Wir speichern und verarbeiten die von Ihnen ggf. in einem Anmeldeformular gemachten Angaben (in der Regel Name und E-Mail-Adresse) zum Zwecke der Vorbereitung und Durchf\u00fchrung der jeweiligen Online-Veranstaltung.<\/span><\/p><p><span style=\"font-weight: 400;\">Die Verarbeitung erfolgt auf Grundlage der von Ihnen im Anmeldeforrmular erteilten Einwilligung \n(Art. 6 Abs. lit. a DSGVO).<\/span><\/p><p><b>Durchf\u00fchrung<\/b><\/p><p><span style=\"font-weight: 400;\">Wir verarbeiten Ihre personenbezogenen Daten zum Zwecke der Durchf\u00fchrung der jeweiligen Online-Veranstaltung. \u201cPersonenbezogene Daten\u201d umfassen hierbei alle Angaben, die von Ihnen w\u00e4hrend der Veranstaltung eingegeben und die w\u00e4hrend der Veranstaltung durch die Freigaben auf der von uns genutzten Videokonferenzplattform mit anderen Teilnehmern geteilt werden.<\/span><\/p><p><span style=\"font-weight: 400;\">Die Verarbeitung erfolgt auf Grundlage der von Ihnen im Anmeldeformular bzw. durch Teilnahme an der Veranstaltung erteilten Einwilligung (Art. 6 Abs. lit. a DSGVO).<\/span><\/p><p><span style=\"font-weight: 400;\">Gegebenenfalls werden w\u00e4hrend der Online-Veranstaltung Bildaufnahmen zum Zwecke der \u00d6ffentlichkeitsarbeit get\u00e4tigt und anschlie\u00dfend verarbeitet, um Beitr\u00e4ge auf der Vereinswebsite sowie in den Sozialen Medien zu erstellen. F\u00fcr die \u00d6ffentlichkeitsarbeit nutzen wir die Dienstleister Meta Inc. (Instagram) und LinkedIn Inc. (LinkedIn).<\/span><\/p><p><span style=\"font-weight: 400;\">Sofern wir nicht Ihre (konkludent) Einwilligung eingeholt haben, erfolgt die Verarbeitung aufgrund unserer \u00fcberwiegenden berechtigten Interessen an der \u00d6ffentlichkeitsarbeit des Vereins (Art. 6 Abs. lit. f DSGVO).<\/span><\/p><p><b>Hinweis zum Transfer in Drittstaaten<\/b><\/p><p><span style=\"font-weight: 400;\">F\u00fcr die Vorbereitung und Durchf\u00fchrung von Online-Veranstaltungen verwenden wir Google Workspace. Die Software wird von Alphabet Inc. bereitgestellt, einem Unternehmen mit Sitz in den USA. Gleiches gilt f\u00fcr die von uns zum Zwecke der \u00d6ffentlichkeitsarbeit genutzten Dienstleister Meta Inc. und LinkedIn Inc.<\/span><\/p><p><span style=\"font-weight: 400;\">Ihre personenbezogenen Daten k\u00f6nnten dadurch in die USA \u00fcbertragen und dort verarbeitet werden. Wir weisen darauf hin, dass in Staaten au\u00dferhalb der EU, kein der EU Normen entsprechendes Datenschutzniveau besteht und dass solch ein Standard nicht durch uns gew\u00e4hrleistet werden kann. Wir k\u00f6nnen zudem nicht garantieren, dass Ihnen gegen die Verarbeitung in einem Drittstaat ein Rechtsweg offen steht, \u00fcber welchen Sie Anspr\u00fcche gegen\u00fcber dem Dienstleister geltend machen k\u00f6nnen.\u00a0<\/span><\/p><p><span style=\"font-weight: 400;\">Beispielsweise sind US-Unternehmen dazu verpflichtet, personenbezogene Daten an Sicherheitsbeh\u00f6rden herauszugeben, ohne dass Sie hiergegen gerichtlich einen Anspruch geltend machen k\u00f6nnen. Somit kann auch nicht ausgeschlossen werden, dass US-Beh\u00f6rden (z. B. Nachrichtendienste) Ihre auf US-Servern befindlichen Daten zu \u00dcberwachungszwecken verarbeiten, auswerten und dauerhaft speichern. Wir haben auf diese Verarbeitungst\u00e4tigkeiten keinen Einfluss.<\/span><\/p><p><span style=\"font-weight: 400;\">Stand: 28. September 2024<\/span><\/p>\t\t\t\t\t\t\t\t<\/div>\n\t\t\t\t<\/div>\n\t\t\t\t\t<\/div>\n\t\t<\/div>\n\t\t\t\t\t<\/div>\n\t\t<\/section>\n\t\t\t\t<\/div>","protected":false},"excerpt":{"rendered":"<p>Politique de confidentialit\u00e9 Table des mati\u00e8res 1. Aper\u00e7u de la protection des donn\u00e9es2. H\u00e9bergement3. Informations g\u00e9n\u00e9rales et obligatoires4. Collecte de donn\u00e9es sur ce site web5. Demandes par e-mail ou t\u00e9l\u00e9phone6. Protection des donn\u00e9es lors d&rsquo;\u00e9v\u00e9nements en ligne 1. Aper\u00e7u de la protection des donn\u00e9es Informations g\u00e9n\u00e9rales Les informations suivantes donnent un aper\u00e7u simple de ce [&hellip;]<\/p>\n","protected":false},"author":1,"featured_media":0,"parent":0,"menu_order":0,"comment_status":"closed","ping_status":"closed","template":"","meta":{"footnotes":""},"class_list":["post-5734","page","type-page","status-publish","hentry"],"_links":{"self":[{"href":"https:\/\/ladenkfabrik.eu\/de\/wp-json\/wp\/v2\/pages\/5734","targetHints":{"allow":["GET"]}}],"collection":[{"href":"https:\/\/ladenkfabrik.eu\/de\/wp-json\/wp\/v2\/pages"}],"about":[{"href":"https:\/\/ladenkfabrik.eu\/de\/wp-json\/wp\/v2\/types\/page"}],"author":[{"embeddable":true,"href":"https:\/\/ladenkfabrik.eu\/de\/wp-json\/wp\/v2\/users\/1"}],"replies":[{"embeddable":true,"href":"https:\/\/ladenkfabrik.eu\/de\/wp-json\/wp\/v2\/comments?post=5734"}],"version-history":[{"count":9,"href":"https:\/\/ladenkfabrik.eu\/de\/wp-json\/wp\/v2\/pages\/5734\/revisions"}],"predecessor-version":[{"id":6865,"href":"https:\/\/ladenkfabrik.eu\/de\/wp-json\/wp\/v2\/pages\/5734\/revisions\/6865"}],"wp:attachment":[{"href":"https:\/\/ladenkfabrik.eu\/de\/wp-json\/wp\/v2\/media?parent=5734"}],"curies":[{"name":"wp","href":"https:\/\/api.w.org\/{rel}","templated":true}]}}